{"id":1096,"date":"2017-09-14T12:55:42","date_gmt":"2017-09-14T10:55:42","guid":{"rendered":"http:\/\/metzvilletango.com\/new\/?page_id=1096"},"modified":"2026-04-14T19:20:43","modified_gmt":"2026-04-14T17:20:43","slug":"stages","status":"publish","type":"page","link":"http:\/\/metzvilletango.com\/new\/stages","title":{"rendered":"Ev\u00e9nements et Stages"},"content":{"rendered":"<div id=\"pgc-1096-0-0\" class=\"panel-grid-cell\" data-weight=\"1\">\n<div id=\"panel-1096-0-0-0\" class=\"so-panel widget widget_sow-editor panel-first-child panel-last-child\" data-index=\"0\" data-style=\"{&quot;background_image_attachment&quot;:false,&quot;background_display&quot;:&quot;tile&quot;}\">\n<div class=\"so-widget-sow-editor so-widget-sow-editor-base\">\n<div class=\"siteorigin-widget-tinymce textwidget\">\n<h1 style=\"text-align: center;\"><span style=\"color: #993300;\">WEEKEND TANGO<\/span><em><span style=\"color: #993300;\"><br \/><\/span><\/em><strong><em>avec<\/em><br \/><\/strong><span style=\"color: #000000;\"><em><strong>Laura &amp; Sebasti\u00e1n<\/strong><\/em><\/span><\/h1>\n<h2 style=\"text-align: center;\"><span style=\"color: #993300;\"><strong>18 &#8211; 19 avril 2026<\/strong><\/span><\/h2>\n<p><img loading=\"lazy\" decoding=\"async\" class=\"wp-image-18361 aligncenter\" src=\"http:\/\/metzvilletango.com\/new\/wp-content\/uploads\/2025\/05\/SL_PDN-1005-457x685.jpg\" alt=\"\" width=\"400\" height=\"600\" srcset=\"http:\/\/metzvilletango.com\/new\/wp-content\/uploads\/2025\/05\/SL_PDN-1005-457x685.jpg 457w, http:\/\/metzvilletango.com\/new\/wp-content\/uploads\/2025\/05\/SL_PDN-1005-133x200.jpg 133w, http:\/\/metzvilletango.com\/new\/wp-content\/uploads\/2025\/05\/SL_PDN-1005-230x345.jpg 230w, http:\/\/metzvilletango.com\/new\/wp-content\/uploads\/2025\/05\/SL_PDN-1005-350x525.jpg 350w, http:\/\/metzvilletango.com\/new\/wp-content\/uploads\/2025\/05\/SL_PDN-1005-480x720.jpg 480w, http:\/\/metzvilletango.com\/new\/wp-content\/uploads\/2025\/05\/SL_PDN-1005.jpg 670w\" sizes=\"auto, (max-width: 400px) 100vw, 400px\" \/><\/p>\n<h3>Laura D\u2019Anna &amp;\u00a0Sebasti\u00e1n Acosta<\/h3>\n<p style=\"text-align: justify;\">Tous les deux portent un amour pour le tango traditionnel et partagent ensemble la passion pour l&rsquo;apprentissage aupr\u00e8s des vieux milongueros, et la d\u00e9couverte des richesses des racines du tango.<\/p>\n<p style=\"text-align: justify;\">Sebasti\u00e1n est <span style=\"color: #ff0000;\"><strong>Champion du Monde 2014 en Tango Pista<\/strong><\/span>, ils travaillent ensemble depuis la fin de l\u2019ann\u00e9e 2015, en r\u00e9alisant des spectacles, des stages et en \u00e9tant membres de jurys dans diff\u00e9rents \u00e9v\u00e9nements \u00e0 travers le monde.<\/p>\n<p style=\"text-align: justify;\">Sebasti\u00e1n vient d\u2019un parcours en tango de sal\u00f3n. Laura vient de la sc\u00e8ne, ayant une carri\u00e8re de plus de 20 ans, en dansant pour diff\u00e9rentes compagnies ainsi qu&rsquo;au Th\u00e9\u00e2tre Col\u00f3n.<\/p>\n<p style=\"text-align: justify;\">Les observateurs d\u00e9crivent leur mani\u00e8re de danser comme \u00e9l\u00e9gante, alliant gr\u00e2ce et puissance, traditionnelle tout en int\u00e9grant \u00e9galement des \u00e9l\u00e9ments modernes.<\/p>\n<p><iframe loading=\"lazy\" title=\"Limouzi Tango Festival 2025 - Sebasti\u00e1n Acosta &amp; Laura D'Anna - Tango A Vivre Limoges\" src=\"https:\/\/www.youtube.com\/embed\/vKbMcplKCHc\" width=\"640\" height=\"360\" frameborder=\"0\" allowfullscreen=\"allowfullscreen\"><\/iframe><\/p>\n<\/div>\n<h3>NOTRE LIEU<\/h3>\n<p>Toutes les activit\u00e9s se d\u00e9roulent dans la magnifique Chapelle Sainte-Blandine.<\/p>\n<\/div>\n<\/div>\n<\/div>\n\n<div class=\"wp-block-image\">\n<figure class=\"aligncenter size-large\"><img loading=\"lazy\" decoding=\"async\" width=\"685\" height=\"287\" src=\"http:\/\/metzvilletango.com\/new\/wp-content\/uploads\/2026\/03\/SBpgCL_9C-685x287.jpg\" alt=\"\" class=\"wp-image-22421\" srcset=\"http:\/\/metzvilletango.com\/new\/wp-content\/uploads\/2026\/03\/SBpgCL_9C-685x287.jpg 685w, http:\/\/metzvilletango.com\/new\/wp-content\/uploads\/2026\/03\/SBpgCL_9C-200x84.jpg 200w, http:\/\/metzvilletango.com\/new\/wp-content\/uploads\/2026\/03\/SBpgCL_9C-768x322.jpg 768w, http:\/\/metzvilletango.com\/new\/wp-content\/uploads\/2026\/03\/SBpgCL_9C-830x348.jpg 830w, http:\/\/metzvilletango.com\/new\/wp-content\/uploads\/2026\/03\/SBpgCL_9C-230x96.jpg 230w, http:\/\/metzvilletango.com\/new\/wp-content\/uploads\/2026\/03\/SBpgCL_9C-350x147.jpg 350w, http:\/\/metzvilletango.com\/new\/wp-content\/uploads\/2026\/03\/SBpgCL_9C-480x201.jpg 480w, http:\/\/metzvilletango.com\/new\/wp-content\/uploads\/2026\/03\/SBpgCL_9C.jpg 900w\" sizes=\"auto, (max-width: 685px) 100vw, 685px\" \/><\/figure>\n<\/div>\n\n<p style=\"text-align: center;\"><strong><span style=\"color: #993300;\">Chapelle Ste-Blandine, 6 rue de la Gendarmerie, 57000 Metz<\/span><\/strong><\/p>\n<h3>PROGRAMME DES COURS<\/h3>\n<p>Tous les cours sont accessibles aux <strong>niveaux interm\u00e9diaires et avanc\u00e9s<\/strong>.<br \/>Ils peuvent \u00e9galement convenir \u00e0 des <strong>niveaux moins \u00e9lev\u00e9s d\u00e8s lors que les stagiaires connaissent les concepts de base du tango<\/strong> (pas de base, enlacements ferm\u00e9 et ouvert, giro\u2026).<\/p>\n<p>Dur\u00e9e d&rsquo;un cours : <strong>1h30<\/strong><br \/>Prix : <strong>28\u20ac en pr\u00e9vente<\/strong> jusqu&rsquo;au 16 avril, puis 30\u20ac.<\/p>\n<p class=\"western\" style=\"text-align: center;\"><span style=\"font-family: Arial, sans-serif;\"><b>SAMEDI 18.04.2026<\/b><\/span><\/p>\n<p class=\"western\"><span style=\"font-family: Arial, sans-serif; color: #ff0000;\"><b>Cours 1\u00a0 \u00a0 \u00a0<\/b><\/span><span style=\"font-family: Arial, sans-serif;\"><i><b>14h00-15h30<\/b><\/i><\/span><span style=\"font-family: Arial, sans-serif;\"><b><br \/><span style=\"color: #ff0000;\">Adornos (ornements) avec subtilit\u00e9 et \u00e9l\u00e9gance<\/span><\/b><\/span><\/p>\n<p class=\"western\" style=\"text-align: justify;\" align=\"justify\"><span style=\"font-family: Arial, sans-serif;\">Nous explorerons diff\u00e9rents moments o\u00f9 les deux r\u00f4les peuvent ajouter des ornements sans interf\u00e9rer avec la danse du partenaire, en les adaptant aux diff\u00e9rentes nuances musicales.<\/span><\/p>\n<p class=\"western\"><span style=\"font-family: Arial, sans-serif; color: #ff0000;\"><b>Cours 2\u00a0 \u00a0 \u00a0<\/b><\/span><span style=\"font-family: Arial, sans-serif;\"><i><b>15h45 -17h15<\/b><\/i><\/span><span style=\"font-family: Arial, sans-serif;\"><b><br \/><span style=\"color: #ff0000;\">Valse \u2014 Cadenas (encha\u00eenements) avec Batidos<\/span><\/b><\/span><\/p>\n<p class=\"western\" style=\"text-align: justify;\" align=\"justify\"><span style=\"font-family: Arial, sans-serif;\">Nous explorerons diff\u00e9rentes formes de figures en cha\u00eene adapt\u00e9es au rythme tournant et fluide de la valse.<br \/><\/span><span style=\"font-family: Arial, sans-serif;\">Nous int\u00e9grerons \u00e9galement des batidos (petits pivots) comme ornementation rythmique et esth\u00e9tique.<\/span><\/p>\n\n<div class=\"wp-block-image\">\n<figure class=\"aligncenter size-large\"><img loading=\"lazy\" decoding=\"async\" width=\"457\" height=\"685\" src=\"http:\/\/metzvilletango.com\/new\/wp-content\/uploads\/2026\/03\/LS-2026-03_1-457x685.jpeg\" alt=\"\" class=\"wp-image-22233\" srcset=\"http:\/\/metzvilletango.com\/new\/wp-content\/uploads\/2026\/03\/LS-2026-03_1-457x685.jpeg 457w, http:\/\/metzvilletango.com\/new\/wp-content\/uploads\/2026\/03\/LS-2026-03_1-134x200.jpeg 134w, http:\/\/metzvilletango.com\/new\/wp-content\/uploads\/2026\/03\/LS-2026-03_1-768x1150.jpeg 768w, http:\/\/metzvilletango.com\/new\/wp-content\/uploads\/2026\/03\/LS-2026-03_1-230x344.jpeg 230w, http:\/\/metzvilletango.com\/new\/wp-content\/uploads\/2026\/03\/LS-2026-03_1-350x524.jpeg 350w, http:\/\/metzvilletango.com\/new\/wp-content\/uploads\/2026\/03\/LS-2026-03_1-480x719.jpeg 480w, http:\/\/metzvilletango.com\/new\/wp-content\/uploads\/2026\/03\/LS-2026-03_1.jpeg 780w\" sizes=\"auto, (max-width: 457px) 100vw, 457px\" \/><\/figure>\n<\/div>\n\n<p class=\"western\" style=\"text-align: center;\"><span style=\"font-family: Arial, sans-serif;\"><b>DIMANCHE 19.04.2026<\/b><\/span><\/p>\n<p class=\"western\"><span style=\"font-family: Arial, sans-serif; color: #ff0000;\"><b>Cours 3\u00a0 \u00a0 \u00a0<\/b><\/span><span style=\"font-family: Arial, sans-serif;\"><i><b>13h00-14h30 <\/b><\/i><\/span><span style=\"font-family: Arial, sans-serif;\"><b><br \/><span style=\"color: #ff0000;\">Tango \u2014 \u00ab Le mythe de la connexion<\/span><\/b><\/span><span style=\"font-family: Arial, sans-serif; color: #ff0000;\"> : le dos comme centre \u00bb<\/span><\/p>\n<p class=\"western\" style=\"text-align: justify;\" align=\"justify\"><span style=\"font-family: Arial, sans-serif;\">Un dos actif pour une danse plus compl\u00e8te.<br \/><\/span><span style=\"font-family: Arial, sans-serif;\">Nous travaillerons \u00e0 partir de l\u2019abrazo, en mettant l\u2019accent sur la conscience et le contr\u00f4le du dos dans les deux r\u00f4les afin de pouvoir guider et suivre des mouvements plus complexes et des dynamiques vari\u00e9es, \u00e9largissant ainsi notre interpr\u00e9tation musicale.<\/span><\/p>\n<p class=\"western\"><span style=\"font-family: Arial, sans-serif; color: #ff0000;\"><b>Cours 4\u00a0 \u00a0 \u00a0<\/b><\/span><span style=\"font-family: Arial, sans-serif;\"><i><b>14h45 -16h15<\/b><\/i><\/span><span style=\"font-family: Arial, sans-serif;\"><b><br \/><span style=\"color: #ff0000;\">Tango \u2014 Axe et Colgadas<\/span><\/b><\/span><\/p>\n<p class=\"western\" style=\"text-align: justify;\" align=\"justify\"><span style=\"font-family: Arial, sans-serif;\">Nous approfondirons la compr\u00e9hension des diff\u00e9rentes positions d\u2019axe dans le tango, dans l\u2019abrazo, et nous explorerons \u00e0 partir de l\u00e0 des colgadas subtiles.<\/span><\/p>\n<p style=\"text-align: center;\" align=\"justify\"><span style=\"color: #ff0000;\"><b>Cours particuliers<\/b><\/span><\/p>\n<p style=\"text-align: left;\" align=\"justify\">Il est \u00e9galement possible de prendre des cours particuliers avec les maestros. Pour cela contactez-nous par mail \u00e0 l\u2019adresse : <a href=\"mailto:metzvilletango@gmail.com\" target=\"_blank\" rel=\"noopener\">metzvilletango@gmail.com<\/a><\/p>\n<h3>MILONGAS<\/h3>\n<h3 style=\"text-align: center;\"><span style=\"color: #9900ff;\">Milonga Maestros <\/span><br \/><span style=\"color: #9900ff;\">Laura &amp; Sebasti\u00e1n<\/span><\/h3>\n<p style=\"text-align: center;\"><strong><em>avec d\u00e9monstration<\/em><\/strong><br \/><em>dans la Grande Chapelle<\/em><\/p>\n<p style=\"text-align: center;\"><strong><span style=\"color: #993300;\">Samedi 18 avril 2026<\/span><\/strong><br \/><strong><span style=\"color: #993300;\">20h30 &#8211; 02h00<br \/><\/span><\/strong><span style=\"color: #993300;\"><em>DJ Mlle Eliz<\/em><\/span><\/p>\n<p style=\"text-align: center;\"><em>Pr\u00e9vente (jusqu&rsquo;au 16.04) \/ VVK 18\u20ac<\/em><br \/><em>Caisse du soir \/ AK 20\u20ac<\/em><\/p>\n<p>Un <strong>bar<\/strong> sera \u00e0 votre disposition pour vous d\u00e9salt\u00e9rer durant la soir\u00e9e.<\/p>\n\n<div class=\"wp-block-image\">\n<figure class=\"aligncenter size-large\"><img loading=\"lazy\" decoding=\"async\" width=\"457\" height=\"685\" src=\"http:\/\/metzvilletango.com\/new\/wp-content\/uploads\/2026\/03\/LS-2026-03_2-457x685.jpeg\" alt=\"\" class=\"wp-image-22228\" srcset=\"http:\/\/metzvilletango.com\/new\/wp-content\/uploads\/2026\/03\/LS-2026-03_2-457x685.jpeg 457w, http:\/\/metzvilletango.com\/new\/wp-content\/uploads\/2026\/03\/LS-2026-03_2-133x200.jpeg 133w, http:\/\/metzvilletango.com\/new\/wp-content\/uploads\/2026\/03\/LS-2026-03_2-768x1151.jpeg 768w, http:\/\/metzvilletango.com\/new\/wp-content\/uploads\/2026\/03\/LS-2026-03_2-830x1244.jpeg 830w, http:\/\/metzvilletango.com\/new\/wp-content\/uploads\/2026\/03\/LS-2026-03_2-230x345.jpeg 230w, http:\/\/metzvilletango.com\/new\/wp-content\/uploads\/2026\/03\/LS-2026-03_2-350x525.jpeg 350w, http:\/\/metzvilletango.com\/new\/wp-content\/uploads\/2026\/03\/LS-2026-03_2-480x719.jpeg 480w, http:\/\/metzvilletango.com\/new\/wp-content\/uploads\/2026\/03\/LS-2026-03_2.jpeg 854w\" sizes=\"auto, (max-width: 457px) 100vw, 457px\" \/><\/figure>\n<\/div>\n\n<h3 style=\"text-align: center;\"><span style=\"color: #9900ff;\">Milonga\u00a0Despedida\u00a0<\/span><\/h3>\n<p style=\"text-align: center;\"><em>dans la Petite Chapelle<\/em><\/p>\n<p style=\"text-align: center;\"><strong><span style=\"color: #993300;\">Dimanche 19 avril 2026<\/span><\/strong><br \/><strong><span style=\"color: #993300;\">17h00 &#8211; 20h30<br \/><\/span><\/strong><span style=\"color: #993300;\"><em>DJ Pierre<\/em><\/span><\/p>\n<p style=\"text-align: center;\"><em>Prix 10\u20ac<\/em><\/p>\n<h3>LES PASS<\/h3>\n<p>Profitez d&rsquo;un acc\u00e8s \u00e0 prix r\u00e9duit jusqu&rsquo;au 16 avril avec nos Pass.<\/p>\n<p><strong><span style=\"color: #ff0000;\">PASS Milongas<\/span> 25 \u20ac<\/strong><\/p>\n<p><strong><span style=\"color: #ff0000;\">FULL PASS<\/span> 130 \u20ac<\/strong><br \/>Acc\u00e8s \u00e0 tous les cours et milongas<\/p>\n<h3>INSCRIPTIONS ET PAIEMENTS<\/h3>\n<p>Les inscriptions et les paiements se font <strong><span style=\"color: #ff0000;\">via le site helloasso<\/span><\/strong> <a href=\"https:\/\/www.helloasso.com\/associations\/metz-ville-tango\/evenements\/weekend-tango-avec-laura-d-anna-et-sebastian-acosta\"><strong>en cliquant ici<\/strong><\/a>.<br \/>Ils pourront \u00e9galement se faire sur place en cas d\u2019emp\u00eachement (contactez-nous), ou de derni\u00e8res opportunit\u00e9s.<br \/>Toute inscription aux cours n\u00e9cessite l\u2019adh\u00e9sion \u00e0 l\u2019association (20\u20ac).<br \/>L\u2019inscription en couple est recommand\u00e9e (l\u2019acceptation de l\u2019inscription se fera apr\u00e8s la v\u00e9rification de l\u2019\u00e9quilibre H\/F).<\/p>\n<p><em>Les appareils d\u2019enregistrement et cam\u00e9ras sont interdits pendant les cours. Possibilit\u00e9 de filmer \u00e0 la fin du cours si accord des professeurs.<\/em><br \/><em>Tout stage commenc\u00e9 est d\u00fb dans sa totalit\u00e9. L\u2019annulation de l\u2019inscription n\u2019entra\u00eene pas un remboursement automatique de la totalit\u00e9 du versement. Pour toute annulation, l\u2019adh\u00e9sion reste due. <\/em><\/p>\n<h3>INFORMATIONS<\/h3>\n<p>T\u00e9l. 07 80 14 71 58<br \/>mail : metzvilletango@gmail.com<\/p>\n<div class=\"siteorigin-widget-tinymce textwidget\"><hr \/><hr \/>\n<p style=\"text-align: center;\"><span style=\"color: #800080;\"><strong><em>Nos futurs \u00e9v\u00e9nements<\/em><\/strong><\/span><\/p>\n<hr \/><hr \/>\n<h1 style=\"text-align: center;\"><em><span style=\"color: #993300;\">Weekend du 30 mai 2026<\/span><\/em><\/h1>\n<p style=\"text-align: center;\"><strong>Stage avec avec <span style=\"color: #ff0000;\">Sandra &amp; Ricardo<\/span><\/strong><\/p>\n<p><img loading=\"lazy\" decoding=\"async\" class=\"wp-image-18360 aligncenter\" src=\"http:\/\/metzvilletango.com\/new\/wp-content\/uploads\/2025\/05\/SR-DSC_8480-1050px-553x685.jpg\" alt=\"\" width=\"400\" height=\"495\" srcset=\"http:\/\/metzvilletango.com\/new\/wp-content\/uploads\/2025\/05\/SR-DSC_8480-1050px-553x685.jpg 553w, http:\/\/metzvilletango.com\/new\/wp-content\/uploads\/2025\/05\/SR-DSC_8480-1050px-162x200.jpg 162w, http:\/\/metzvilletango.com\/new\/wp-content\/uploads\/2025\/05\/SR-DSC_8480-1050px-768x951.jpg 768w, http:\/\/metzvilletango.com\/new\/wp-content\/uploads\/2025\/05\/SR-DSC_8480-1050px-830x1028.jpg 830w, http:\/\/metzvilletango.com\/new\/wp-content\/uploads\/2025\/05\/SR-DSC_8480-1050px-230x285.jpg 230w, http:\/\/metzvilletango.com\/new\/wp-content\/uploads\/2025\/05\/SR-DSC_8480-1050px-350x433.jpg 350w, http:\/\/metzvilletango.com\/new\/wp-content\/uploads\/2025\/05\/SR-DSC_8480-1050px-480x594.jpg 480w, http:\/\/metzvilletango.com\/new\/wp-content\/uploads\/2025\/05\/SR-DSC_8480-1050px.jpg 1050w\" sizes=\"auto, (max-width: 400px) 100vw, 400px\" \/><\/p>\n<h3>Sandra Messina &amp; Ricardo Calvo<\/h3>\n<p style=\"text-align: justify;\">Un couple de danseurs exceptionnels, cr\u00e9ateurs de spectacles reconnus \u00e0 l\u2019international.<\/p>\n<p style=\"text-align: justify;\">Ils sont d\u2019une rare pr\u00e9cision technique alli\u00e9e \u00e0 l\u2019\u00e9l\u00e9gance du geste et \u00e0 l\u2019\u00e9motion, sans oublier un zeste d\u2019humour qui les caract\u00e9rise. Leur art, innovateur et traditionnel \u00e0 la fois, captive par la ma\u00eetrise et la fluidit\u00e9 du mouvement.<\/p>\n<p style=\"text-align: justify;\">Ce sont des \u201cMa\u00eetres\u201d recherch\u00e9s car ils proposent une m\u00e9thode compl\u00e8te, organique et progressive d\u2019enseignement, faisant que leur tango devient accessible \u00e0 tous. Ils forment autant amateurs que professionnels.<\/p>\n<hr \/><hr \/>\n<p style=\"text-align: center;\"><span style=\"color: #800080;\"><strong><em>Nos futurs \u00e9v\u00e9nements plus loin dans l&rsquo;ann\u00e9e &#8230;<\/em><\/strong><\/span><\/p>\n<hr \/>\n<h1 style=\"padding-left: 30px; text-align: center;\"><strong>Weekend du 19 d\u00e9cembre 2026<\/strong><br \/><strong>Stage avec un <span style=\"color: #ff0000;\">nouveau couple de maestros<\/span><\/strong><\/h1>\n<hr \/><hr \/><hr \/>\n<p style=\"text-align: center;\"><span style=\"color: #800080;\"><strong><em>Nos pr\u00e9c\u00e9dents \u00e9v\u00e9nements &#8230;<\/em><\/strong><\/span><\/p>\n<hr \/><hr \/>\n<h1 style=\"text-align: center;\"><em><span style=\"color: #993300;\">Immersion Tango !<br \/>Samedi 21 f\u00e9vrier 2026<\/span><\/em><\/h1>\n<p style=\"padding-left: 40px;\"><strong><span style=\"color: #ff0000;\">Initiation<\/span> avec le maestro Luis Bruni accompagn\u00e9 de Betania Antico<\/strong><br \/><strong><span style=\"color: #ff0000;\">Masterclass<\/span> avec Luis &amp; Betania<\/strong><br \/><strong><span style=\"color: #ff0000;\">Documentaire \u00ab L\u2019\u00e9poque de diamant \u00bb<\/span> avec conf\u00e9rence-d\u00e9bat de Luis Bruni<\/strong><br \/><strong><span style=\"color: #ff0000;\">Milonga<\/span> en soir\u00e9e<\/strong><\/p>\n<p><em>Dans la magnifique chapelle Sainte-Blandine<\/em><\/p>\n<p><img loading=\"lazy\" decoding=\"async\" width=\"685\" height=\"499\" class=\"wp-image-21809\" src=\"http:\/\/metzvilletango.com\/new\/wp-content\/uploads\/2026\/02\/SBPC1L-900x655-1-685x499.jpg\" alt=\"\" srcset=\"http:\/\/metzvilletango.com\/new\/wp-content\/uploads\/2026\/02\/SBPC1L-900x655-1-685x499.jpg 685w, http:\/\/metzvilletango.com\/new\/wp-content\/uploads\/2026\/02\/SBPC1L-900x655-1-200x146.jpg 200w, http:\/\/metzvilletango.com\/new\/wp-content\/uploads\/2026\/02\/SBPC1L-900x655-1-768x559.jpg 768w, http:\/\/metzvilletango.com\/new\/wp-content\/uploads\/2026\/02\/SBPC1L-900x655-1-830x604.jpg 830w, http:\/\/metzvilletango.com\/new\/wp-content\/uploads\/2026\/02\/SBPC1L-900x655-1-550x400.jpg 550w, http:\/\/metzvilletango.com\/new\/wp-content\/uploads\/2026\/02\/SBPC1L-900x655-1-230x167.jpg 230w, http:\/\/metzvilletango.com\/new\/wp-content\/uploads\/2026\/02\/SBPC1L-900x655-1-350x255.jpg 350w, http:\/\/metzvilletango.com\/new\/wp-content\/uploads\/2026\/02\/SBPC1L-900x655-1-480x349.jpg 480w, http:\/\/metzvilletango.com\/new\/wp-content\/uploads\/2026\/02\/SBPC1L-900x655-1.jpg 900w\" sizes=\"auto, (max-width: 685px) 100vw, 685px\" \/><\/p>\n<h4 style=\"text-align: center;\"><span style=\"color: #800000;\">Chapelle Sainte-Blandine<br \/>6 rue de la Gendarmerie, 57000 Metz<\/span><\/h4>\n<h2>INITIATION<\/h2>\n<h3><span style=\"color: #ff0000;\"><strong>D\u00e9couvrez la magie du Tango Argentin.<\/strong><\/span><\/h3>\n<p style=\"text-align: justify;\">Nos maestros venus de Buenos Aires vous offriront une occasion unique de ressentir la passion et l&rsquo;\u00e9l\u00e9gance du tango argentin au c\u0153ur d&rsquo;un lieu magnifique.<\/p>\n<p style=\"padding-left: 40px;\"><em>D\u00e9but \u00e0 14H00.<\/em><br \/><em>Dur\u00e9e : 1h00.<br \/>Prix : 20 \u20ac \/ Couple.<\/em><\/p>\n<p><img loading=\"lazy\" decoding=\"async\" width=\"529\" height=\"685\" class=\"wp-image-21896\" style=\"width: 403px; height: auto;\" src=\"http:\/\/metzvilletango.com\/new\/wp-content\/uploads\/2026\/02\/ALEJ3657-3-800x1035-1-529x685.jpg\" alt=\"\" srcset=\"http:\/\/metzvilletango.com\/new\/wp-content\/uploads\/2026\/02\/ALEJ3657-3-800x1035-1-529x685.jpg 529w, http:\/\/metzvilletango.com\/new\/wp-content\/uploads\/2026\/02\/ALEJ3657-3-800x1035-1-155x200.jpg 155w, http:\/\/metzvilletango.com\/new\/wp-content\/uploads\/2026\/02\/ALEJ3657-3-800x1035-1-768x994.jpg 768w, http:\/\/metzvilletango.com\/new\/wp-content\/uploads\/2026\/02\/ALEJ3657-3-800x1035-1-230x298.jpg 230w, http:\/\/metzvilletango.com\/new\/wp-content\/uploads\/2026\/02\/ALEJ3657-3-800x1035-1-350x453.jpg 350w, http:\/\/metzvilletango.com\/new\/wp-content\/uploads\/2026\/02\/ALEJ3657-3-800x1035-1-480x621.jpg 480w, http:\/\/metzvilletango.com\/new\/wp-content\/uploads\/2026\/02\/ALEJ3657-3-800x1035-1.jpg 800w\" sizes=\"auto, (max-width: 529px) 100vw, 529px\" \/><\/p>\n<h2>MASTERCLASS<\/h2>\n<h3><span style=\"color: #ff0000;\"><strong>JEU RYTHMIQUE dans le tango, la milonga et la valse.<\/strong><\/span><\/h3>\n<p style=\"text-align: justify;\">Explorez les diff\u00e9rents rythmes et dynamiques de ces trois danses embl\u00e9matiques. Un atelier pour affiner votre musicalit\u00e9 et enrichir votre interpr\u00e9tation.<\/p>\n<p style=\"padding-left: 40px;\"><em>Masterclass 1\u00a0 \u00e0 15H10.<\/em><br \/><em>Dur\u00e9e : 1h30 \u2014 Niveau interm\u00e9diaire \u00e0 avanc\u00e9.<br \/>Prix : 30 \u20ac \/ personne. Inscription en couple souhait\u00e9e.<\/em><\/p>\n<h3><span style=\"color: #ff0000;\"><strong>DIFF\u00c9RENTS TYPES DE BOLEOS<\/strong><\/span><\/h3>\n<p style=\"text-align: justify;\">D\u00e9couvrez et perfectionnez les boleos bas et hauts, en travaillant la technique, la fluidit\u00e9 et la pr\u00e9cision du mouvement.<\/p>\n<p style=\"padding-left: 40px;\"><em>Masterclass 2\u00a0 \u00e0 16H50<\/em><br \/><em>Dur\u00e9e : 1h30 \u2014 Niveau interm\u00e9diaire \u00e0 avanc\u00e9<br \/>Prix : 30 \u20ac \/ personne. Inscription en couple souhait\u00e9e.<\/em><\/p>\n<h2>DOCUMENTAIRE et CONFERENCE<br \/><span style=\"color: #ff0000;\">\u00ab\u00a0L&rsquo;\u00e9poque de diamant\u00a0\u00bb<\/span><\/h2>\n<div>\n<p><img loading=\"lazy\" decoding=\"async\" width=\"640\" height=\"452\" class=\"wp-image-21811\" src=\"http:\/\/metzvilletango.com\/new\/wp-content\/uploads\/2026\/02\/Diamant-FR.jpeg\" alt=\"\" srcset=\"http:\/\/metzvilletango.com\/new\/wp-content\/uploads\/2026\/02\/Diamant-FR.jpeg 640w, http:\/\/metzvilletango.com\/new\/wp-content\/uploads\/2026\/02\/Diamant-FR-200x141.jpeg 200w, http:\/\/metzvilletango.com\/new\/wp-content\/uploads\/2026\/02\/Diamant-FR-230x162.jpeg 230w, http:\/\/metzvilletango.com\/new\/wp-content\/uploads\/2026\/02\/Diamant-FR-350x247.jpeg 350w, http:\/\/metzvilletango.com\/new\/wp-content\/uploads\/2026\/02\/Diamant-FR-480x339.jpeg 480w\" sizes=\"auto, (max-width: 640px) 100vw, 640px\" \/><\/p>\n<div dir=\"auto\" style=\"text-align: justify;\"><em>\u00ab\u00a0J&rsquo;ai le plaisir de vous pr\u00e9senter mon tout premier documentaire. J\u2019y raconte l\u2019histoire du tango dans\u00e9 \u00e0 Buenos Aires entre 1983 et 2001, une p\u00e9riode que je consid\u00e8re comme la plus riche et d\u00e9cisive. \u00c0 travers plus de 70 archives vid\u00e9o, je rends hommage aux grands ma\u00eetres, aux compagnies, aux nouvelles p\u00e9dagogies\u2026 et \u00e0 l\u2019\u00e9mergence d\u2019un nouveau r\u00f4le pour les danseuses.\u00a0\u00bb<\/em><\/div>\n<div dir=\"auto\" style=\"text-align: justify;\"><em>Luis Bruni<\/em><\/div>\n<div dir=\"auto\">\u00a0<\/div>\n<div dir=\"auto\" style=\"text-align: center;\">Vous pouvez visualiser ci-dessous la bande-annonce du documentaire :<\/div>\n<\/div>\n<\/div>\n<p style=\"text-align: center;\"><iframe loading=\"lazy\" title=\"YouTube video player\" src=\"https:\/\/www.youtube-nocookie.com\/embed\/nLIeHwVWmFE?si=Dgx4LPLy1v7oYYoU\" width=\"560\" height=\"315\" frameborder=\"0\" allowfullscreen=\"allowfullscreen\"><\/iframe><\/p>\n<div id=\"panel-1096-0-0-0\" class=\"so-panel widget widget_sow-editor panel-first-child panel-last-child\" data-index=\"0\" data-style=\"{&quot;background_image_attachment&quot;:false,&quot;background_display&quot;:&quot;tile&quot;}\">\n<div class=\"so-widget-sow-editor so-widget-sow-editor-base\">\n<div class=\"siteorigin-widget-tinymce textwidget\">\n<div>\n<div dir=\"auto\" style=\"padding-left: 40px;\"><em>Projection \u00e0 18H50<\/em><\/div>\n<div dir=\"auto\" style=\"padding-left: 40px;\"><em>Dur\u00e9e : 55mn + conf\u00e9rence d\u00e9bat.<\/em><\/div>\n<div dir=\"auto\" style=\"padding-left: 40px;\"><em>Prix : 10 \u20ac.<\/em><\/div>\n<h2>MILONGA<\/h2>\n<h3><span style=\"color: #ff0000;\"><strong>Dans la grande Chapelle Sainte-Blandine<\/strong><\/span><\/h3>\n<p style=\"text-align: justify;\"><img loading=\"lazy\" decoding=\"async\" width=\"685\" height=\"622\" class=\"wp-image-21841\" src=\"http:\/\/metzvilletango.com\/new\/wp-content\/uploads\/2026\/02\/GCM-957x869-1-685x622.jpg\" alt=\"\" srcset=\"http:\/\/metzvilletango.com\/new\/wp-content\/uploads\/2026\/02\/GCM-957x869-1-685x622.jpg 685w, http:\/\/metzvilletango.com\/new\/wp-content\/uploads\/2026\/02\/GCM-957x869-1-200x182.jpg 200w, http:\/\/metzvilletango.com\/new\/wp-content\/uploads\/2026\/02\/GCM-957x869-1-768x697.jpg 768w, http:\/\/metzvilletango.com\/new\/wp-content\/uploads\/2026\/02\/GCM-957x869-1-830x754.jpg 830w, http:\/\/metzvilletango.com\/new\/wp-content\/uploads\/2026\/02\/GCM-957x869-1-230x209.jpg 230w, http:\/\/metzvilletango.com\/new\/wp-content\/uploads\/2026\/02\/GCM-957x869-1-350x318.jpg 350w, http:\/\/metzvilletango.com\/new\/wp-content\/uploads\/2026\/02\/GCM-957x869-1-480x436.jpg 480w, http:\/\/metzvilletango.com\/new\/wp-content\/uploads\/2026\/02\/GCM-957x869-1.jpg 957w\" sizes=\"auto, (max-width: 685px) 100vw, 685px\" \/><br \/>Venez c\u00e9l\u00e9brer la passion du tango dans un cadre charg\u00e9 d\u2019histoire et d\u2019\u00e9motion.<br \/>Profitez de cette superbe salle, chauff\u00e9e, avec parquet, surplomb\u00e9e par de majestueuses vo\u00fbtes qui coifferont vos plus beaux pas de tango.<br \/>Le nombre de places est limit\u00e9, inscrivez-vous d\u00e8s maintenant et b\u00e9n\u00e9ficiez en m\u00eame temps du tarif pr\u00e9vente.<\/p>\n<p style=\"padding-left: 40px;\"><em>De 20H30 \u00e0 01H00.<\/em><br \/><em>DJ Lucio<br \/><img loading=\"lazy\" decoding=\"async\" class=\"wp-image-21895\" src=\"http:\/\/metzvilletango.com\/new\/wp-content\/uploads\/2026\/02\/Lucio-TDJ-498x685.jpg\" alt=\"\" width=\"154\" height=\"212\" srcset=\"http:\/\/metzvilletango.com\/new\/wp-content\/uploads\/2026\/02\/Lucio-TDJ-498x685.jpg 498w, http:\/\/metzvilletango.com\/new\/wp-content\/uploads\/2026\/02\/Lucio-TDJ-146x200.jpg 146w, http:\/\/metzvilletango.com\/new\/wp-content\/uploads\/2026\/02\/Lucio-TDJ-230x316.jpg 230w, http:\/\/metzvilletango.com\/new\/wp-content\/uploads\/2026\/02\/Lucio-TDJ-350x481.jpg 350w, http:\/\/metzvilletango.com\/new\/wp-content\/uploads\/2026\/02\/Lucio-TDJ-480x660.jpg 480w, http:\/\/metzvilletango.com\/new\/wp-content\/uploads\/2026\/02\/Lucio-TDJ.jpg 566w\" sizes=\"auto, (max-width: 154px) 100vw, 154px\" \/><br \/>Prix :<br \/>13 \u20ac en pr\u00e9vente en ligne jusqu&rsquo;au 18 f\u00e9vrier inclus.<br \/>15 \u20ac \u00e0 partir du 19 f\u00e9vrier et en caisse du soir.<\/em><\/p>\n<h2>INSCRIPTIONS ET PAIEMENTS<\/h2>\n<p><span style=\"color: #ff0000;\"><strong>Les r\u00e9servations et les paiements se font via le site <\/strong><strong><a href=\"https:\/\/www.helloasso.com\/associations\/metz-ville-tango\/evenements\/initiation-et-masterclass-avec-luis-bruni-et-betania-antico-2\">helloasso en cliquant ici<\/a><\/strong>, <strong>mais pourront \u00e9galement se faire sur place en cas d\u2019emp\u00eachement ou de derni\u00e8res opportunit\u00e9s.<\/strong><\/span><\/p>\n<h2>INFOS<\/h2>\n<p><strong>T\u00e9l. 07 80 14 71 58<\/strong><br \/><strong>mail : metzvilletango@gmail.com<\/strong><\/p>\n<h2>NOS MAESTROS<\/h2>\n<\/div>\n<\/div>\n<\/div>\n<\/div>\n<div id=\"panel-1096-0-0-0\" class=\"so-panel widget widget_sow-editor panel-first-child panel-last-child\" data-index=\"0\" data-style=\"{&quot;background_image_attachment&quot;:false,&quot;background_display&quot;:&quot;tile&quot;}\">\n<div class=\"so-widget-sow-editor so-widget-sow-editor-base\">\n<div class=\"siteorigin-widget-tinymce textwidget\">\n<p><img loading=\"lazy\" decoding=\"async\" class=\"wp-image-14332 aligncenter\" src=\"http:\/\/metzvilletango.com\/new\/wp-content\/uploads\/2024\/09\/IMG-20240906-WA0000-457x685.jpg\" alt=\"\" width=\"400\" height=\"600\" \/><\/p>\n<h3>Luis\u00a0Bruni &amp; Betania Antico<\/h3>\n<p style=\"text-align: justify;\">Luis, danseur et p\u00e9dagogue argentin, est de formation classique, n\u00e9oclassique et contemporaine. Il a \u00e9t\u00e9 corps de ballet puis soliste pendant 12 ans au th\u00e9\u00e2tre Col\u00f3n de Buenos Aires et au th\u00e9\u00e2tre Argentin de La Plata.<\/p>\n<p style=\"text-align: justify;\">Il est le fondateur de La Tangu\u00e9dia \u00e0 Paris, lieu incontournable et m\u00e9morable du tango dans la capitale fran\u00e7aise.<\/p>\n<p style=\"text-align: justify;\">Au cours de ces 30 derni\u00e8res ann\u00e9es, il a enseign\u00e9 et s\u2019est immerg\u00e9 dans l\u2019\u00e9tude des diff\u00e9rents courants du tango, des styles les plus traditionnels aux plus modernes aupr\u00e8s des plus grands maestros qui ont marqu\u00e9 l\u2019histoire du tango.<\/p>\n<p style=\"text-align: justify;\">Betania, \u00e9galement form\u00e9e au Teatro Col\u00f3n de Buenos Aires, a d\u00e9velopp\u00e9 sa carri\u00e8re en Europe et aux \u00c9tats-Unis, enseignant la danse, les techniques corporelles, le Pilates et le tango.<\/p>\n<hr \/>\n<h1><span style=\"color: #cc9933;\"><span style=\"font-size: 24pt; background-color: #000080;\"><b> 25 A\u00f1os de\u00a0Tango\u00a0<\/b><\/span><\/span><\/h1>\n<p style=\"text-align: justify;\">L\u2019association Metz Ville Tango a \u00e9t\u00e9 cr\u00e9\u00e9e le 5 avril 2000. L&rsquo;ann\u00e9e derni\u00e8re nous avons c\u00e9l\u00e9br\u00e9<strong>\u00a025\u00a0ans\u00a0d\u2019existence et de passion<\/strong> pour le tango argentin.<br \/>Pour f\u00eater pleinement cet anniversaire nous avions organis\u00e9 un <strong>\u00e9v\u00e9nement exceptionnel de 4\u00a0jours<\/strong> et accueilli\u00a03 couples de maestros argentins\u00a0:<\/p>\n<p><a href=\"http:\/\/metzvilletango.com\/new\/stages\"><span style=\"color: #cc9933;\"><img loading=\"lazy\" decoding=\"async\" class=\"wp-image-18502 alignleft\" src=\"http:\/\/metzvilletango.com\/new\/wp-content\/uploads\/2025\/05\/25-ans-de-Metz-Ville-Tango.jpg\" alt=\"\" width=\"266\" height=\"223\" \/><\/span><\/a><span style=\"color: #800000;\"><strong>Sandra\u00a0Messina\u00a0&amp;\u00a0Ricardo\u00a0Calvo,<\/strong><\/span><\/p>\n<p><span style=\"color: #800000;\"><strong>Sebasti\u00e1n\u00a0Acosta\u00a0&amp;\u00a0Laura\u00a0D\u2019Anna<\/strong><\/span><\/p>\n<p><strong>ainsi que <span style=\"color: #800000;\">Luis\u00a0Bruni\u00a0&amp;\u00a0Betania\u00a0Antico<\/span>.<\/strong><\/p>\n<h4 style=\"text-align: justify;\"><span style=\"color: #ff0000;\"><strong>Cette ann\u00e9e 2026 nous recevrons chaque couple de maestros s\u00e9par\u00e9ment lors de weekend<\/strong><\/span>.<\/h4>\n<hr \/><hr \/><hr \/><hr \/>\n<h1 style=\"text-align: center;\"><strong>Stage avec la maestra<\/strong><\/h1>\n<h1 style=\"text-align: center;\"><strong>Raquel GREENBERG (London)<\/strong><\/h1>\n<h2 style=\"text-align: center;\"><span style=\"color: #993300;\"><strong>durant notre Weekend Tango \u00e0 Metz<\/strong><\/span><br \/><span style=\"color: #993300;\"><strong>du Vendredi 23 <\/strong><\/span><span style=\"color: #993300;\"><strong>au Dimanche 25 <\/strong><\/span><span style=\"color: #993300;\"><strong>f\u00e9vrier 2024<\/strong><\/span><\/h2>\n<p><img loading=\"lazy\" decoding=\"async\" class=\"wp-image-8093 aligncenter\" src=\"http:\/\/metzvilletango.com\/new\/wp-content\/uploads\/2023\/01\/Raquel-Greenberg-536x685.jpg\" alt=\"\" width=\"330\" height=\"422\" srcset=\"http:\/\/metzvilletango.com\/new\/wp-content\/uploads\/2023\/01\/Raquel-Greenberg-536x685.jpg 536w, http:\/\/metzvilletango.com\/new\/wp-content\/uploads\/2023\/01\/Raquel-Greenberg-157x200.jpg 157w, http:\/\/metzvilletango.com\/new\/wp-content\/uploads\/2023\/01\/Raquel-Greenberg-230x294.jpg 230w, http:\/\/metzvilletango.com\/new\/wp-content\/uploads\/2023\/01\/Raquel-Greenberg-350x447.jpg 350w, http:\/\/metzvilletango.com\/new\/wp-content\/uploads\/2023\/01\/Raquel-Greenberg-480x613.jpg 480w, http:\/\/metzvilletango.com\/new\/wp-content\/uploads\/2023\/01\/Raquel-Greenberg.jpg 668w\" sizes=\"auto, (max-width: 330px) 100vw, 330px\" \/><\/p>\n<h2>Raquel Greenberg<\/h2>\n<p style=\"text-align: justify;\">Danseuse professionnelle et chor\u00e9graphe, interpr\u00e8te en Tango Argentin, Raquel GREENBERG est \u00e9galement professeure.<br \/>Ses maestros les plus inspirants sont Carlos Gavito, Osvaldo Zotto &amp; Lorena Ermocida, Roberto Herrera, Gustavo Naveira &amp; Giselle Anne, Javier Rodriguez &amp; Geraldine Rojas, Nito &amp; Elba, Vanina Bilous.<br \/>\u00c0 partir de 2001 elle s\u2019installe et vit \u00e0 Buenos Aires, capitale du tango. Elle y danse et enseigne.<br \/>En 2012 elle s\u2019installe \u00e0 Londres o\u00f9 elle enseigne le tango argentin et dirige sa propre <a href=\"https:\/\/www.raquel-tango.com\/\">acad\u00e9mie<\/a>, et d\u2019o\u00f9 elle parcourt le monde pour diffuser son art.<\/p>\n<p><a href=\"https:\/\/www.raquel-tango.com\/\"><img loading=\"lazy\" decoding=\"async\" class=\"alignnone size-full wp-image-8207\" src=\"http:\/\/metzvilletango.com\/new\/wp-content\/uploads\/2023\/02\/RG-TA-logo6-500x81-1.jpg\" alt=\"\" width=\"500\" height=\"81\" srcset=\"http:\/\/metzvilletango.com\/new\/wp-content\/uploads\/2023\/02\/RG-TA-logo6-500x81-1.jpg 500w, http:\/\/metzvilletango.com\/new\/wp-content\/uploads\/2023\/02\/RG-TA-logo6-500x81-1-200x32.jpg 200w, http:\/\/metzvilletango.com\/new\/wp-content\/uploads\/2023\/02\/RG-TA-logo6-500x81-1-230x37.jpg 230w, http:\/\/metzvilletango.com\/new\/wp-content\/uploads\/2023\/02\/RG-TA-logo6-500x81-1-350x57.jpg 350w, http:\/\/metzvilletango.com\/new\/wp-content\/uploads\/2023\/02\/RG-TA-logo6-500x81-1-480x78.jpg 480w\" sizes=\"auto, (max-width: 500px) 100vw, 500px\" \/><\/a><\/p>\n<h2>Programme du stage avec Raquel<\/h2>\n<p><img loading=\"lazy\" decoding=\"async\" class=\"alignnone size-large wp-image-8202\" src=\"http:\/\/metzvilletango.com\/new\/wp-content\/uploads\/2023\/02\/Raquel-Greenberg-robe-rouge-457x685.jpg\" alt=\"\" width=\"457\" height=\"685\" srcset=\"http:\/\/metzvilletango.com\/new\/wp-content\/uploads\/2023\/02\/Raquel-Greenberg-robe-rouge-457x685.jpg 457w, http:\/\/metzvilletango.com\/new\/wp-content\/uploads\/2023\/02\/Raquel-Greenberg-robe-rouge-133x200.jpg 133w, http:\/\/metzvilletango.com\/new\/wp-content\/uploads\/2023\/02\/Raquel-Greenberg-robe-rouge-230x345.jpg 230w, http:\/\/metzvilletango.com\/new\/wp-content\/uploads\/2023\/02\/Raquel-Greenberg-robe-rouge-350x525.jpg 350w, http:\/\/metzvilletango.com\/new\/wp-content\/uploads\/2023\/02\/Raquel-Greenberg-robe-rouge-480x720.jpg 480w, http:\/\/metzvilletango.com\/new\/wp-content\/uploads\/2023\/02\/Raquel-Greenberg-robe-rouge.jpg 640w\" sizes=\"auto, (max-width: 457px) 100vw, 457px\" \/><\/p>\n<p>Metz Ville Tango et Raquel Greenberg vous proposent <strong>quatre cours de 1h30<\/strong>.<\/p>\n<h3><strong><em>Samedi 24 f\u00e9vrier\u00a02024<\/em><\/strong><\/h3>\n<p style=\"padding-left: 30px;\"><em>Tous niveaux (individuel ou en couple)<\/em><br \/><strong>14h00 &#8211; 15h30 : <span style=\"color: #ff0000;\">Cours g\u00e9n\u00e9ral<\/span><\/strong><br \/>Fondamentaux pour danser avec confort et fluidit\u00e9<\/p>\n<p style=\"padding-left: 30px;\"><em>Interm\u00e9diaire\/Avanc\u00e9<\/em><br \/><strong>15h45 &#8211; 17h15 : <span style=\"color: #ff0000;\">Milonga<\/span><\/strong><br \/>Rentrer le swing de la milonga dans le corps et jouer avec des combinaisons rythmiques<\/p>\n<h3><strong><em>Dimanche 25 f\u00e9vrier\u00a02024<\/em><\/strong><\/h3>\n<p style=\"padding-left: 30px;\"><em>Interm\u00e9diaire\/Avanc\u00e9<\/em><\/p>\n<p style=\"padding-left: 30px;\"><strong>14h00 &#8211; 15h30 : <span style=\"color: #ff0000;\">Saccadas<\/span><\/strong><br \/>Fluidit\u00e9 dans les mouvements circulaires<\/p>\n<p style=\"padding-left: 30px;\"><strong>15h45 &#8211; 17h15 : <span style=\"color: #ff0000;\">Valse<\/span><\/strong><br \/>Tourner sur place et tout en d\u00e9placement<\/p>\n<hr \/><hr \/>\n<h1 style=\"text-align: center;\"><strong>Stage <\/strong><strong>avec les <\/strong><strong>maestros<\/strong><\/h1>\n<h1 style=\"text-align: center;\"><strong>Xim\u00e9na ZALAZAR FIRPO<\/strong><\/h1>\n<h1 style=\"text-align: center;\"><strong>&amp; Luis BRUNI<\/strong><\/h1>\n<h1 style=\"text-align: center;\"><span style=\"color: #993300;\"><strong>Metz 13-14 janvier 2024<\/strong><\/span><\/h1>\n<h2>Nos maestros<\/h2>\n<p style=\"text-align: justify;\"><img loading=\"lazy\" decoding=\"async\" class=\"alignnone size-medium wp-image-8040\" src=\"http:\/\/metzvilletango.com\/new\/wp-content\/uploads\/2023\/01\/Ximena_450x399-200x177.jpg\" alt=\"\" width=\"200\" height=\"177\" srcset=\"http:\/\/metzvilletango.com\/new\/wp-content\/uploads\/2023\/01\/Ximena_450x399-200x177.jpg 200w, http:\/\/metzvilletango.com\/new\/wp-content\/uploads\/2023\/01\/Ximena_450x399-230x204.jpg 230w, http:\/\/metzvilletango.com\/new\/wp-content\/uploads\/2023\/01\/Ximena_450x399-350x310.jpg 350w, http:\/\/metzvilletango.com\/new\/wp-content\/uploads\/2023\/01\/Ximena_450x399.jpg 450w\" sizes=\"auto, (max-width: 200px) 100vw, 200px\" \/><br \/><strong>Ximena Zalazar Firpo<\/strong><br \/>Interpr\u00e8te d&rsquo;origine argentine et italienne, elle commence sa carri\u00e8re au Th\u00e9\u00e2tre Colon de Buenos Aires et au Ballet National de Cuba avant de s&rsquo;installer en Europe en 1995. Apr\u00e8s avoir travaill\u00e9 avec des chor\u00e9graphes et metteurs en sc\u00e8ne de diff\u00e9rents horizons en France et \u00e0 l&rsquo;\u00e9tranger, elle est engag\u00e9e au Ballet de l&rsquo;Op\u00e9ra National du Rhin. Interpr\u00e8te reconnue, son travail l&rsquo;a men\u00e9e dans le monde entier, de l&rsquo;Europe \u00e0 l&rsquo;Asie, en passant par l&rsquo;Am\u00e9rique du Nord et l&rsquo;Am\u00e9rique du Sud.<br \/>Ces rencontres ont nourri son propre travail qui l&rsquo;am\u00e8ne \u00e0 concevoir un espace de cr\u00e9ation avec la Compagnie Estro.<br \/>Le Tango Argentin est profond\u00e9ment ancr\u00e9 dans son c\u0153ur et au centre de ses interrogations artistiques. Il la relie \u00e0 son enfance et \u00e0 sa famille et constitue pour elle une source fertile de cr\u00e9ation, d\u2019\u00e9panouissement et de joie.<\/p>\n<p><img loading=\"lazy\" decoding=\"async\" class=\"alignnone size-medium wp-image-8039\" src=\"http:\/\/metzvilletango.com\/new\/wp-content\/uploads\/2023\/01\/Luis_266x399-133x200.jpg\" alt=\"\" width=\"133\" height=\"200\" srcset=\"http:\/\/metzvilletango.com\/new\/wp-content\/uploads\/2023\/01\/Luis_266x399-133x200.jpg 133w, http:\/\/metzvilletango.com\/new\/wp-content\/uploads\/2023\/01\/Luis_266x399-230x345.jpg 230w, http:\/\/metzvilletango.com\/new\/wp-content\/uploads\/2023\/01\/Luis_266x399.jpg 266w\" sizes=\"auto, (max-width: 133px) 100vw, 133px\" \/><\/p>\n<p style=\"text-align: justify;\"><strong>Luis Bruni<\/strong><br \/>N\u00e9 \u00e0 Buenos Aires, danseur et p\u00e9dagogue de tango argentin.<br \/>De formation classique, n\u00e9oclassique et contemporaine, il a \u00e9t\u00e9 corps de ballet puis soliste pendant 12 ans au th\u00e9\u00e2tre Colon de Buenos Aires et au th\u00e9\u00e2tre Argentin de La Plata.<br \/>En 2001, il s\u2019installe \u00e0 Paris o\u00f9 il a cr\u00e9\u00e9 et dirig\u00e9 La Tangu\u00e9dia, lieu incontournable et m\u00e9morable du tango dans la capitale fran\u00e7aise.<br \/>Au cours de ces 30 derni\u00e8res ann\u00e9es, il s\u2019est immerg\u00e9 dans l\u2019\u00e9tude des diff\u00e9rents courants du tango. Des styles les plus traditionnels aux plus modernes, il a saisi l\u2019opportunit\u00e9 de se former aupr\u00e8s des plus grands maestros qui ont marqu\u00e9 l\u2019histoire du tango.<br \/>Tant comme danseur que comme p\u00e9dagogue, Luis Bruni a dispens\u00e9 des exhibitions, des cours mais aussi des conf\u00e9rences dans toute l\u2019Europe, au Moyen Orient, aux Etats-Unis et \u00e0 Buenos Aires.<\/p>\n<h2>Les th\u00e8mes des cours<\/h2>\n<h3><strong><em>Samedi 13 janvier\u00a02024 :<\/em><\/strong><\/h3>\n<p style=\"padding-left: 30px;\">Tous niveaux<br \/>14h00 &#8211; 15h30\u00a0<strong>Tango : Figures pour espace r\u00e9duit<\/strong><br \/>Interm\u00e9diaire\/Avanc\u00e9<br \/>15h45 &#8211; 17h15 <strong>Valse : Alt\u00e9rations, changement de direction dans le cours d\u2019une figure<\/strong><\/p>\n<h3><strong><em>Dimanche 14 janvier\u00a02024 :<\/em><\/strong><\/h3>\n<p style=\"padding-left: 30px;\">Dimanche matin 14 janvier il y aura possibilit\u00e9 de prendre des cours priv\u00e9s en individuel ou en couple.<\/p>\n<p style=\"padding-left: 30px;\">Interm\u00e9diaire\/Avanc\u00e9<br \/>14h00 &#8211; 15h30\u00a0<strong>Tango : combinaisons de barridas avec voleos, et sacadas avec enrosques<\/strong><br \/>15h45 &#8211; 17h15\u00a0 <strong>Milonga traspi\u00e9 : les variations rythmiques<\/strong><\/p>\n<hr \/><hr \/>\n<h1 style=\"text-align: center;\"><strong>Stage avec la maestra<\/strong><\/h1>\n<h1 style=\"text-align: center;\"><strong>Raquel GREENBERG (London)<\/strong><\/h1>\n<h1 style=\"text-align: center;\"><span style=\"color: #993300;\"><strong>\u00e0 Metz<\/strong><\/span><br \/><span style=\"color: #993300;\"><strong>Samedi 17 <\/strong><\/span><span style=\"color: #993300;\"><strong>et Dimanche 18 <\/strong><\/span><span style=\"color: #993300;\"><strong>juin 2023<\/strong><\/span><\/h1>\n<p>Raquel Greenberg vous propose <strong>quatre Master Class de 1h30<\/strong>.<em><br \/><\/em><em>Ce sont des <strong>cours tous niveaux<\/strong> (\u00e0 partir de 1 an de tango), ils sont <strong>progressifs<\/strong> et comprennent des conseils et techniques allant de la base au plus complexe, permettant la participation de tous.<\/em><\/p>\n<h3><strong><span style=\"color: #ff0000;\">\u00ab\u00a0Technique H\/F\u00a0\u00bb :<br \/><\/span><\/strong><\/h3>\n<p style=\"padding-left: 30px;\">Tout ce qui nous sert pour mieux danser et comment appliquer la technique : posture et enlacement, spirales et pivots pour des ochos et boleos fluides ainsi que tout ce qui est circulaire. Travail du pied, style et d\u00e9corations. Musicalit\u00e9 et expression.<br \/>Cours progressif sur les 2 jours.<\/p>\n<p style=\"padding-left: 30px;\"><em>Inscription <span style=\"text-decoration: underline;\">individuelle ou en couple<\/span>.<\/em><br \/><strong>Master Class 1, Samedi 17 juin\u00a0 13h30 &#8211; 15h00<\/strong><br \/><strong>Master Class 2, Dimanche 18 juin\u00a0 13h00 &#8211; 14h30<\/strong><\/p>\n<h3><span style=\"color: #ff0000;\">\u00ab\u00a0Valse\u00a0\u00bb :<br \/><\/span><\/h3>\n<p style=\"padding-left: 30px;\">Jouer avec le rythme, variations sympathiques et tour march\u00e9.<\/p>\n<p style=\"padding-left: 30px;\"><em>Inscription <span style=\"text-decoration: underline;\">en couple<\/span> (ou individuelle sur liste d&rsquo;attente de recherche de partenaire).<br \/><\/em><strong>Master Class 3, Samedi 17 juin\u00a0 15h15 &#8211; 16h45<\/strong><\/p>\n<h3><span style=\"color: #ff0000;\">\u00ab\u00a0Combinaison de barridas et parradas, jeux des pieds\u00a0\u00bb :<br \/><\/span><\/h3>\n<p style=\"padding-left: 30px;\"><em>Inscription <span style=\"text-decoration: underline;\">en couple<\/span> (ou individuelle sur liste d&rsquo;attente de recherche de partenaire).<br \/><\/em><strong>Master Class 4,\u00a0Dimanche 18 juin 14h45 &#8211; 16h15<\/strong><\/p>\n<hr \/><hr \/>\n<div class=\"so-widget-sow-editor so-widget-sow-editor-base\">\n<div class=\"siteorigin-widget-tinymce textwidget\">\n<h1 style=\"text-align: center;\">Stage Tango de Oto\u00f1o<br \/>avec les maestros<br \/>Sandra Messina &amp; Ricardo Calvo<\/h1>\n<h2 style=\"text-align: center;\"><span style=\"color: #993300;\">Metz, les 11-13 Novembre 2022<\/span><\/h2>\n<h2>H\u00f4tel de Gournay, 9 rue du Grand Cerf 57000 Metz<\/h2>\n<\/div>\n<h3>Vous trouverez ci-dessous le d\u00e9tail des cours.<br \/>Contactez-nous pour tout renseignement suppl\u00e9mentaire et pour vous inscrire.<\/h3>\n<table style=\"height: 1106px;\" width=\"782\">\n<tbody>\n<tr>\n<td style=\"background-color: #ffe599; width: 120px;\" width=\"120\"><strong>Jour<\/strong><\/td>\n<\/tr>\n<\/tbody>\n<\/table>\n<\/div>\n<\/div>\n<\/div>\n<\/div>\n<p style=\"text-align: right;\">Horaires<\/p>\n<p style=\"text-align: center;\"><strong>Th\u00e8mes<\/strong><\/p>\n<p><strong>Cours<\/strong><\/p>\n<p style=\"text-align: right;\"><em>Niveau<\/em><span style=\"color: #993300;\"><strong> *<\/strong><\/span><\/p>\n<p><strong>Vendredi 11<\/strong><\/p>\n<p style=\"text-align: right;\">14h00-15h30<\/p>\n<p><strong>Enlacement, confort et<br \/>harmonie dans le couple<\/strong><strong>Tango<\/strong><\/p>\n<p style=\"text-align: right;\"><em>Interm\u00e9diaire<\/em><\/p>\n<p><strong>Vendredi 11<\/strong><\/p>\n<p style=\"text-align: right;\">15h45-17h15<\/p>\n<p><strong>Los Yeites, figures pour tango et valse<\/strong><strong>Tango \/ Valse<\/strong><\/p>\n<p style=\"text-align: right;\"><em>Interm\u00e9diaire<\/em><\/p>\n<p><strong>Samedi 12<\/strong><\/p>\n<p style=\"text-align: right;\">13h00-14h30<\/p>\n<p><strong>Technique pour les hommes et pour les femmes<\/strong><strong>Technique<\/strong><\/p>\n<p style=\"text-align: right;\"><em>Tous niveaux<\/em><\/p>\n<p><strong>Samedi 12<\/strong><\/p>\n<p style=\"text-align: right;\">14h45-16h15<\/p>\n<p><strong>Tours en milongas lisse et traspi\u00e9<\/strong><strong>Milonga\u00a0 <span style=\"color: #993300;\">1 **<\/span><\/strong><\/p>\n<p style=\"text-align: right;\"><em>Interm\u00e9diaire<\/em><\/p>\n<p><strong>Samedi 12<\/strong><\/p>\n<p style=\"text-align: right;\">16h30-18h00<\/p>\n<p><strong>Planeos, pour l\u2019homme et la femme<\/strong><strong>Tango Salon\u00a0 <span style=\"color: #993300;\">1 **<\/span><\/strong><\/p>\n<p style=\"text-align: right;\"><em>Avanc\u00e9\/Confirm\u00e9<\/em><\/p>\n<p><strong>Dimanche 13<\/strong><\/p>\n<p style=\"text-align: right;\">13h00-14h30<\/p>\n<p><strong>Los Yeites, figures pour tango et valse<\/strong><strong>Tango \/ Valse<\/strong><\/p>\n<p style=\"text-align: right;\"><em>Interm\u00e9diaire<\/em><\/p>\n<p><strong>Dimanche 13<\/strong><\/p>\n<p style=\"text-align: right;\">14h45-16h15<\/p>\n<p><strong>Tours en milongas lisse et traspi\u00e9<\/strong><strong>Milonga\u00a0 <span style=\"color: #993300;\">2 **<\/span><\/strong><\/p>\n<p style=\"text-align: right;\"><em>Interm\u00e9diaire<\/em><\/p>\n<p><strong>Dimanche 13<\/strong><\/p>\n<p style=\"text-align: right;\">16h30-18h00<\/p>\n<p><strong>Planeos, pour l\u2019homme et la femme<\/strong><strong>Tango Salon\u00a0 <span style=\"color: #993300;\">2 **<\/span><\/strong><\/p>\n<p style=\"text-align: right;\"><em>Avanc\u00e9\/Confirm\u00e9<\/em><\/p>\n<p><strong><span style=\"color: #993300;\">*<\/span><\/strong><strong><em><u>Merci de respecter le niveau pour chaque cours.<\/u><\/em><\/strong><\/p>\n<p><strong><em>D\u00e9butant<\/em><\/strong><em> :\u00a0\u00a0\u00a0\u00a0\u00a0\u00a0\u00a0\u00a0\u00a0 \u00e0 partir d\u20191 an de cours et pratiques.<\/em><\/p>\n<p><strong><em>Interm\u00e9diaire<\/em><\/strong><em> :\u00a0 \u00e0 partir de 2 \u00e0 3 ans de cours et pratiques.<\/em><\/p>\n<p><strong><em>Avanc\u00e9<\/em><\/strong><em> :\u00a0\u00a0\u00a0\u00a0\u00a0\u00a0\u00a0\u00a0\u00a0\u00a0\u00a0\u00a0\u00a0 4 ans et plus de cours et pratiques.<\/em><\/p>\n<p><span style=\"color: #993300;\"><strong>**<\/strong><\/span><strong> Les cours <u>Milonga<\/u> et <u>Tango Salon<\/u> se d\u00e9roulent sur 2 jours. <span style=\"color: #993300;\">Il faut avoir suivi un cours 1 pour acc\u00e9der au 2<\/span>.<\/strong><\/p>","protected":false},"excerpt":{"rendered":"<p>WEEKEND TANGOavecLaura &amp; Sebasti\u00e1n 18 &#8211; 19 avril 2026 Laura D\u2019Anna &amp;\u00a0Sebasti\u00e1n Acosta Tous les deux portent un amour pour le tango traditionnel et partagent ensemble la passion pour l&rsquo;apprentissage aupr\u00e8s des vieux milongueros, et la d\u00e9couverte des richesses des racines du tango. Sebasti\u00e1n est Champion du Monde 2014 en Tango Pista, ils travaillent ensemble [&hellip;]<\/p>\n","protected":false},"author":1,"featured_media":0,"parent":0,"menu_order":0,"comment_status":"closed","ping_status":"closed","template":"","meta":{"footnotes":""},"class_list":["post-1096","page","type-page","status-publish","hentry"],"_links":{"self":[{"href":"http:\/\/metzvilletango.com\/new\/wp-json\/wp\/v2\/pages\/1096","targetHints":{"allow":["GET"]}}],"collection":[{"href":"http:\/\/metzvilletango.com\/new\/wp-json\/wp\/v2\/pages"}],"about":[{"href":"http:\/\/metzvilletango.com\/new\/wp-json\/wp\/v2\/types\/page"}],"author":[{"embeddable":true,"href":"http:\/\/metzvilletango.com\/new\/wp-json\/wp\/v2\/users\/1"}],"replies":[{"embeddable":true,"href":"http:\/\/metzvilletango.com\/new\/wp-json\/wp\/v2\/comments?post=1096"}],"version-history":[{"count":99,"href":"http:\/\/metzvilletango.com\/new\/wp-json\/wp\/v2\/pages\/1096\/revisions"}],"predecessor-version":[{"id":22736,"href":"http:\/\/metzvilletango.com\/new\/wp-json\/wp\/v2\/pages\/1096\/revisions\/22736"}],"wp:attachment":[{"href":"http:\/\/metzvilletango.com\/new\/wp-json\/wp\/v2\/media?parent=1096"}],"curies":[{"name":"wp","href":"https:\/\/api.w.org\/{rel}","templated":true}]}}